{"id":445,"date":"2025-11-30T22:30:12","date_gmt":"2025-11-30T22:30:12","guid":{"rendered":"https:\/\/generatorsztuki.pl\/?page_id=445"},"modified":"2025-11-30T22:40:48","modified_gmt":"2025-11-30T22:40:48","slug":"odra-dialogs","status":"publish","type":"page","link":"https:\/\/generatorsztuki.pl\/index.php\/odra-dialogs\/","title":{"rendered":"ODRA DIALOGS"},"content":{"rendered":"\t\t<div data-elementor-type=\"wp-page\" data-elementor-id=\"445\" class=\"elementor elementor-445\">\n\t\t\t\t<div class=\"elementor-element elementor-element-6038fe5 e-flex e-con-boxed e-con e-parent\" data-id=\"6038fe5\" data-element_type=\"container\">\n\t\t\t\t\t<div class=\"e-con-inner\">\n\t\t\t\t<div class=\"elementor-element elementor-element-3664a8d elementor-widget elementor-widget-heading\" data-id=\"3664a8d\" data-element_type=\"widget\" data-widget_type=\"heading.default\">\n\t\t\t\t<div class=\"elementor-widget-container\">\n\t\t\t\t\t<h2 class=\"elementor-heading-title elementor-size-default\">ODRA DIALOGS<\/h2>\t\t\t\t<\/div>\n\t\t\t\t<\/div>\n\t\t\t\t\t<\/div>\n\t\t\t\t<\/div>\n\t\t<div class=\"elementor-element elementor-element-c5b7cde e-grid e-con-boxed e-con e-parent\" data-id=\"c5b7cde\" data-element_type=\"container\">\n\t\t\t\t\t<div class=\"e-con-inner\">\n\t\t\t\t<div class=\"elementor-element elementor-element-7ef90cc elementor-widget elementor-widget-text-editor\" data-id=\"7ef90cc\" data-element_type=\"widget\" data-widget_type=\"text-editor.default\">\n\t\t\t\t<div class=\"elementor-widget-container\">\n\t\t\t\t\t\t\t\t\t<div><div dir=\"auto\">Dzisiaj chcemy zaprosi\u0107 Was gor\u0105co do obejrzenia i przede wszystkim wys\u0142uchania tego niezwyk\u0142ego projektu &#8211; &#8222;Odra Dialogs&#8221; &#8211; mi\u0119dzynarodowego sekstetu.<\/div><\/div><div><div dir=\"auto\">To muzyczne spotkanie muzyk\u00f3w mieszkaj\u0105cych po obu stronach Odry, kt\u00f3rzy nagrali siedem autorskich kompozycji.<\/div><div dir=\"auto\"><p>Naszym zdaniem efekt tego spotkania jest znakomity.<\/p><p>Do muzyki powsta\u0142 te\u017c klip autorstwa Kinsky Dalsky.<\/p><\/div><\/div><div dir=\"auto\"><p>Muzycy:\u00a0<\/p><div><div dir=\"auto\">Dima Bondarev &#8211; tr\u0105bka<\/div><div dir=\"auto\">Tomasz Licak &#8211; saksofon<\/div><div dir=\"auto\">Micha\u0142 Starkiewicz &#8211; gitara\/synth (kompozycja)<\/div><div dir=\"auto\">Yuriy Seredin &#8211; piano, synth<\/div><div dir=\"auto\">Luca Curcio &#8211; bas<\/div><div dir=\"auto\"><p>Fabian Roesch &#8211; perkusja<\/p><\/div><\/div><div><div><div dir=\"auto\">Realizacja nagrania: Borys Sawaszkiewicz<\/div><div dir=\"auto\">Mix: Stanis\u0142aw Aleksandrowicz<\/div><\/div><div>\u00a0<\/div><p>Video &#8211; \u0141ukasz Nyks<br \/><br \/>Video w serwisie Youtube:<br \/><a href=\"https:\/\/youtu.be\/sY1DSyBfP1Q\">https:\/\/youtu.be\/sY1DSyBfP1Q<\/a> &#8211; Klip Odra Dialogs <a href=\"https:\/\/youtu.be\/Drntvr3f5Ak\">https:\/\/youtu.be\/Drntvr3f5Ak<\/a> &#8211; Nagranie &#8222;Odra Dialogs<span style=\"font-family: Open Sans, Arial, Helvetica, sans-serif;\">\u201d<\/span><\/p><p>Nagranie sfinansowano przez Uni\u0119 Europejsk\u0105 &#8211; Next Generation EU w ramach Krajowego Planu Odbudowy.<\/p><\/div><\/div>\t\t\t\t\t\t\t\t<\/div>\n\t\t\t\t<\/div>\n\t\t\t\t<div class=\"elementor-element elementor-element-d513cac elementor-widget elementor-widget-image\" data-id=\"d513cac\" data-element_type=\"widget\" data-widget_type=\"image.default\">\n\t\t\t\t<div class=\"elementor-widget-container\">\n\t\t\t\t\t\t\t\t\t\t\t\t\t\t\t<img fetchpriority=\"high\" decoding=\"async\" width=\"1024\" height=\"682\" src=\"https:\/\/generatorsztuki.pl\/wp-content\/uploads\/2025\/11\/DSC_1741-Poprawione-NR-1024x682.jpg\" class=\"attachment-large size-large wp-image-454\" alt=\"\" srcset=\"https:\/\/generatorsztuki.pl\/wp-content\/uploads\/2025\/11\/DSC_1741-Poprawione-NR-1024x682.jpg 1024w, https:\/\/generatorsztuki.pl\/wp-content\/uploads\/2025\/11\/DSC_1741-Poprawione-NR-300x200.jpg 300w, https:\/\/generatorsztuki.pl\/wp-content\/uploads\/2025\/11\/DSC_1741-Poprawione-NR-768x511.jpg 768w, https:\/\/generatorsztuki.pl\/wp-content\/uploads\/2025\/11\/DSC_1741-Poprawione-NR.jpg 1080w\" sizes=\"(max-width: 1024px) 100vw, 1024px\" \/>\t\t\t\t\t\t\t\t\t\t\t\t\t\t\t<\/div>\n\t\t\t\t<\/div>\n\t\t\t\t<div class=\"elementor-element elementor-element-200b723 elementor-widget elementor-widget-image\" data-id=\"200b723\" data-element_type=\"widget\" data-widget_type=\"image.default\">\n\t\t\t\t<div class=\"elementor-widget-container\">\n\t\t\t\t\t\t\t\t\t\t\t\t\t\t\t<img decoding=\"async\" width=\"1024\" height=\"682\" src=\"https:\/\/generatorsztuki.pl\/wp-content\/uploads\/2025\/11\/DSC_1304-Poprawione-NR-1-1024x682.jpg\" class=\"attachment-large size-large wp-image-457\" alt=\"\" srcset=\"https:\/\/generatorsztuki.pl\/wp-content\/uploads\/2025\/11\/DSC_1304-Poprawione-NR-1-1024x682.jpg 1024w, https:\/\/generatorsztuki.pl\/wp-content\/uploads\/2025\/11\/DSC_1304-Poprawione-NR-1-300x200.jpg 300w, https:\/\/generatorsztuki.pl\/wp-content\/uploads\/2025\/11\/DSC_1304-Poprawione-NR-1-768x511.jpg 768w, https:\/\/generatorsztuki.pl\/wp-content\/uploads\/2025\/11\/DSC_1304-Poprawione-NR-1.jpg 1080w\" sizes=\"(max-width: 1024px) 100vw, 1024px\" \/>\t\t\t\t\t\t\t\t\t\t\t\t\t\t\t<\/div>\n\t\t\t\t<\/div>\n\t\t\t\t<div class=\"elementor-element elementor-element-ffb02e5 elementor-widget elementor-widget-image\" data-id=\"ffb02e5\" data-element_type=\"widget\" data-widget_type=\"image.default\">\n\t\t\t\t<div class=\"elementor-widget-container\">\n\t\t\t\t\t\t\t\t\t\t\t\t\t\t\t<img decoding=\"async\" width=\"1024\" height=\"682\" src=\"https:\/\/generatorsztuki.pl\/wp-content\/uploads\/2025\/11\/DSC_1752-Poprawione-NR-1024x682.jpg\" class=\"attachment-large size-large wp-image-455\" alt=\"\" srcset=\"https:\/\/generatorsztuki.pl\/wp-content\/uploads\/2025\/11\/DSC_1752-Poprawione-NR-1024x682.jpg 1024w, https:\/\/generatorsztuki.pl\/wp-content\/uploads\/2025\/11\/DSC_1752-Poprawione-NR-300x200.jpg 300w, https:\/\/generatorsztuki.pl\/wp-content\/uploads\/2025\/11\/DSC_1752-Poprawione-NR-768x511.jpg 768w, https:\/\/generatorsztuki.pl\/wp-content\/uploads\/2025\/11\/DSC_1752-Poprawione-NR.jpg 1080w\" sizes=\"(max-width: 1024px) 100vw, 1024px\" \/>\t\t\t\t\t\t\t\t\t\t\t\t\t\t\t<\/div>\n\t\t\t\t<\/div>\n\t\t\t\t\t<\/div>\n\t\t\t\t<\/div>\n\t\t<div class=\"elementor-element elementor-element-be47809 e-flex e-con-boxed e-con e-parent\" data-id=\"be47809\" data-element_type=\"container\">\n\t\t\t\t\t<div class=\"e-con-inner\">\n\t\t\t\t<div class=\"elementor-element elementor-element-501bb87 elementor-widget elementor-widget-image\" data-id=\"501bb87\" data-element_type=\"widget\" data-widget_type=\"image.default\">\n\t\t\t\t<div class=\"elementor-widget-container\">\n\t\t\t\t\t\t\t\t\t\t\t\t\t\t\t<img loading=\"lazy\" decoding=\"async\" width=\"1024\" height=\"127\" src=\"https:\/\/generatorsztuki.pl\/wp-content\/uploads\/2025\/11\/Zrzut-ekranu-2025-11-30-o-23.25.21-1024x127.png\" class=\"attachment-large size-large wp-image-449\" alt=\"\" srcset=\"https:\/\/generatorsztuki.pl\/wp-content\/uploads\/2025\/11\/Zrzut-ekranu-2025-11-30-o-23.25.21-1024x127.png 1024w, https:\/\/generatorsztuki.pl\/wp-content\/uploads\/2025\/11\/Zrzut-ekranu-2025-11-30-o-23.25.21-300x37.png 300w, https:\/\/generatorsztuki.pl\/wp-content\/uploads\/2025\/11\/Zrzut-ekranu-2025-11-30-o-23.25.21-768x95.png 768w, https:\/\/generatorsztuki.pl\/wp-content\/uploads\/2025\/11\/Zrzut-ekranu-2025-11-30-o-23.25.21-1536x191.png 1536w, https:\/\/generatorsztuki.pl\/wp-content\/uploads\/2025\/11\/Zrzut-ekranu-2025-11-30-o-23.25.21-2048x254.png 2048w\" sizes=\"(max-width: 1024px) 100vw, 1024px\" \/>\t\t\t\t\t\t\t\t\t\t\t\t\t\t\t<\/div>\n\t\t\t\t<\/div>\n\t\t\t\t\t<\/div>\n\t\t\t\t<\/div>\n\t\t<div class=\"elementor-element elementor-element-fc22d49 e-flex e-con-boxed e-con e-parent\" data-id=\"fc22d49\" data-element_type=\"container\">\n\t\t\t\t\t<div class=\"e-con-inner\">\n\t\t\t\t<div class=\"elementor-element elementor-element-2091423 elementor-widget elementor-widget-video\" data-id=\"2091423\" data-element_type=\"widget\" data-settings=\"{&quot;youtube_url&quot;:&quot;https:\\\/\\\/youtu.be\\\/Drntvr3f5Ak&quot;,&quot;video_type&quot;:&quot;youtube&quot;,&quot;controls&quot;:&quot;yes&quot;}\" data-widget_type=\"video.default\">\n\t\t\t\t<div class=\"elementor-widget-container\">\n\t\t\t\t\t\t\t<div class=\"elementor-wrapper elementor-open-inline\">\n\t\t\t<div class=\"elementor-video\"><\/div>\t\t<\/div>\n\t\t\t\t\t\t<\/div>\n\t\t\t\t<\/div>\n\t\t\t\t\t<\/div>\n\t\t\t\t<\/div>\n\t\t<div class=\"elementor-element elementor-element-18f6cfc e-flex e-con-boxed e-con e-parent\" data-id=\"18f6cfc\" data-element_type=\"container\">\n\t\t\t\t\t<div class=\"e-con-inner\">\n\t\t\t\t<div class=\"elementor-element elementor-element-9c58333 elementor-widget elementor-widget-video\" data-id=\"9c58333\" data-element_type=\"widget\" data-settings=\"{&quot;youtube_url&quot;:&quot;https:\\\/\\\/youtu.be\\\/sY1DSyBfP1Q&quot;,&quot;video_type&quot;:&quot;youtube&quot;,&quot;controls&quot;:&quot;yes&quot;}\" data-widget_type=\"video.default\">\n\t\t\t\t<div class=\"elementor-widget-container\">\n\t\t\t\t\t\t\t<div class=\"elementor-wrapper elementor-open-inline\">\n\t\t\t<div class=\"elementor-video\"><\/div>\t\t<\/div>\n\t\t\t\t\t\t<\/div>\n\t\t\t\t<\/div>\n\t\t\t\t\t<\/div>\n\t\t\t\t<\/div>\n\t\t\t\t<\/div>\n\t\t","protected":false},"excerpt":{"rendered":"<p>ODRA DIALOGS Dzisiaj chcemy zaprosi\u0107 Was gor\u0105co do obejrzenia i przede wszystkim wys\u0142uchania tego niezwyk\u0142ego projektu &#8211; &#8222;Odra Dialogs&#8221; &#8211; mi\u0119dzynarodowego sekstetu.To muzyczne spotkanie muzyk\u00f3w mieszkaj\u0105cych po obu stronach&#8230;<\/p>\n","protected":false},"author":1,"featured_media":453,"parent":0,"menu_order":0,"comment_status":"closed","ping_status":"closed","template":"","meta":{"footnotes":""},"class_list":["post-445","page","type-page","status-publish","has-post-thumbnail","hentry"],"_links":{"self":[{"href":"https:\/\/generatorsztuki.pl\/index.php\/wp-json\/wp\/v2\/pages\/445","targetHints":{"allow":["GET"]}}],"collection":[{"href":"https:\/\/generatorsztuki.pl\/index.php\/wp-json\/wp\/v2\/pages"}],"about":[{"href":"https:\/\/generatorsztuki.pl\/index.php\/wp-json\/wp\/v2\/types\/page"}],"author":[{"embeddable":true,"href":"https:\/\/generatorsztuki.pl\/index.php\/wp-json\/wp\/v2\/users\/1"}],"replies":[{"embeddable":true,"href":"https:\/\/generatorsztuki.pl\/index.php\/wp-json\/wp\/v2\/comments?post=445"}],"version-history":[{"count":10,"href":"https:\/\/generatorsztuki.pl\/index.php\/wp-json\/wp\/v2\/pages\/445\/revisions"}],"predecessor-version":[{"id":463,"href":"https:\/\/generatorsztuki.pl\/index.php\/wp-json\/wp\/v2\/pages\/445\/revisions\/463"}],"wp:featuredmedia":[{"embeddable":true,"href":"https:\/\/generatorsztuki.pl\/index.php\/wp-json\/wp\/v2\/media\/453"}],"wp:attachment":[{"href":"https:\/\/generatorsztuki.pl\/index.php\/wp-json\/wp\/v2\/media?parent=445"}],"curies":[{"name":"wp","href":"https:\/\/api.w.org\/{rel}","templated":true}]}}